{"id":3188,"date":"2025-08-31T20:16:17","date_gmt":"2025-08-31T18:16:17","guid":{"rendered":"https:\/\/www.inter-edu.pl\/?page_id=3188"},"modified":"2025-08-31T20:33:55","modified_gmt":"2025-08-31T18:33:55","slug":"rekrutacja-2025-2026","status":"publish","type":"page","link":"https:\/\/www.inter-edu.pl\/?page_id=3188","title":{"rendered":"Rekrutacja edukacyjna 2025-2026"},"content":{"rendered":"\t\t<div data-elementor-type=\"wp-page\" data-elementor-id=\"3188\" class=\"elementor elementor-3188\" data-elementor-post-type=\"page\">\n\t\t\t\t\t\t<section class=\"elementor-section elementor-top-section elementor-element elementor-element-62b64994 elementor-section-boxed elementor-section-height-default elementor-section-height-default elementor-section-smoke-no elementor-section-raindrops-no elementor-section-parallax-no elementor-section-floatimg-no\" data-id=\"62b64994\" data-element_type=\"section\" data-e-type=\"section\">\n\t\t\t\t\t\t<div class=\"elementor-container elementor-column-gap-default\">\n\t\t\t\t\t<div class=\"elementor-column elementor-col-100 elementor-top-column elementor-element elementor-element-f553ecb\" data-id=\"f553ecb\" data-element_type=\"column\" data-e-type=\"column\">\n\t\t\t<div class=\"elementor-widget-wrap elementor-element-populated\">\n\t\t\t\t\t\t<div class=\"elementor-element elementor-element-1615daf3 elementor-widget elementor-widget-text-editor\" data-id=\"1615daf3\" data-element_type=\"widget\" data-e-type=\"widget\" data-widget_type=\"text-editor.default\">\n\t\t\t\t<div class=\"elementor-widget-container\">\n\t\t\t\t\t\t\t\t\t<p><\/p>\n<h2 class=\"wp-block-heading\">Zarezerwuj online profesjonalne us\u0142ugi edukacyjne dostosowane do Twoich potrzeb.<\/h2>\n<p><\/p>\n<p><\/p>\n<p style=\"margin-top: 16px;\">Skorzystaj z naszego \u0142atwego w u\u017cyciu systemu zg\u0142oszenia na korepetycje i kursy online, aby um\u00f3wi\u0107 si\u0119 na wst\u0119pne spotkanie z edukatorem, zarezerwowa\u0107 us\u0142ug\u0119. Nasz szybki i wygodny proces rejestracji pozwoli Ci zaoszcz\u0119dzi\u0107 czas i upewni\u0107 si\u0119, \u017ce masz miejsce zarezerwowane na wsparcie w nauce przed rozpocz\u0119ciem nowego roku szkolnego.<\/p>\n<p><\/p>\n<p><\/p>\n<p class=\"is-content-justification-center is-layout-flex wp-container-core-buttons-is-layout-e9798902 wp-block-buttons-is-layout-flex\"><\/p>\n<p><a href=\"#extendify-booking-cta\" data-wplink-edit=\"true\">Zarejestruj si\u0119 na kus lub korepetycje<\/a><\/p>\n<p><img fetchpriority=\"high\" decoding=\"async\" class=\"size-medium wp-image-3187 aligncenter\" src=\"https:\/\/www.inter-edu.pl\/wp-content\/uploads\/2025\/08\/plakat-rekrutacycny-edukacja-2025-2026-213x300.jpg\" alt=\"\" width=\"426\" height=\"600\" srcset=\"https:\/\/www.inter-edu.pl\/wp-content\/uploads\/2025\/08\/plakat-rekrutacycny-edukacja-2025-2026-213x300.jpg 213w, https:\/\/www.inter-edu.pl\/wp-content\/uploads\/2025\/08\/plakat-rekrutacycny-edukacja-2025-2026-727x1024.jpg 727w, https:\/\/www.inter-edu.pl\/wp-content\/uploads\/2025\/08\/plakat-rekrutacycny-edukacja-2025-2026-768x1082.jpg 768w, https:\/\/www.inter-edu.pl\/wp-content\/uploads\/2025\/08\/plakat-rekrutacycny-edukacja-2025-2026.jpg 1024w\" sizes=\"(max-width: 426px) 100vw, 426px\" \/><\/p>\n<p><\/p>\n<p><\/p>\n<p><\/p>\n<p><!-- \/wp:group --><\/p>\t\t\t\t\t\t\t\t<\/div>\n\t\t\t\t<\/div>\n\t\t\t\t\t<\/div>\n\t\t<\/div>\n\t\t\t\t\t<\/div>\n\t\t<\/section>\n\t\t\t\t<\/div>\n\t\t","protected":false},"excerpt":{"rendered":"<p>Zarezerwuj online profesjonalne us\u0142ugi edukacyjne dostosowane do Twoich potrzeb. Skorzystaj z naszego \u0142atwego w u\u017cyciu systemu zg\u0142oszenia na korepetycje i kursy online, aby um\u00f3wi\u0107 si\u0119 [&hellip;]<\/p>\n","protected":false},"author":1,"featured_media":0,"parent":0,"menu_order":0,"comment_status":"closed","ping_status":"closed","template":"","meta":{"_EventAllDay":false,"_EventTimezone":"","_EventStartDate":"","_EventEndDate":"","_EventStartDateUTC":"","_EventEndDateUTC":"","_EventShowMap":false,"_EventShowMapLink":false,"_EventURL":"","_EventCost":"","_EventCostDescription":"","_EventCurrencySymbol":"","_EventCurrencyCode":"","_EventCurrencyPosition":"","_EventDateTimeSeparator":"","_EventTimeRangeSeparator":"","_EventOrganizerID":[],"_EventVenueID":[],"_OrganizerEmail":"","_OrganizerPhone":"","_OrganizerWebsite":"","_VenueAddress":"","_VenueCity":"","_VenueCountry":"","_VenueProvince":"","_VenueState":"","_VenueZip":"","_VenuePhone":"","_VenueURL":"","_VenueStateProvince":"","_VenueLat":"","_VenueLng":"","_VenueShowMap":false,"_VenueShowMapLink":false,"footnotes":""},"class_list":["post-3188","page","type-page","status-publish","hentry"],"yoast_head":"<!-- This site is optimized with the Yoast SEO plugin v27.4 - https:\/\/yoast.com\/product\/yoast-seo-wordpress\/ -->\n<title>Rekrutacja edukacyjna 2025-2026 - Interaktywne Centrum Edukacji i Us\u0142ug Inter-EDU<\/title>\n<meta name=\"robots\" content=\"index, follow, max-snippet:-1, max-image-preview:large, max-video-preview:-1\" \/>\n<link rel=\"canonical\" href=\"https:\/\/www.inter-edu.pl\/?page_id=3188\" \/>\n<meta property=\"og:locale\" content=\"pl_PL\" \/>\n<meta property=\"og:type\" content=\"article\" \/>\n<meta property=\"og:title\" content=\"Rekrutacja edukacyjna 2025-2026 - Interaktywne Centrum Edukacji i Us\u0142ug Inter-EDU\" \/>\n<meta property=\"og:description\" content=\"Zarezerwuj online profesjonalne us\u0142ugi edukacyjne dostosowane do Twoich potrzeb. Skorzystaj z naszego \u0142atwego w u\u017cyciu systemu zg\u0142oszenia na korepetycje i kursy online, aby um\u00f3wi\u0107 si\u0119 [&hellip;]\" \/>\n<meta property=\"og:url\" content=\"https:\/\/www.inter-edu.pl\/?page_id=3188\" \/>\n<meta property=\"og:site_name\" content=\"Interaktywne Centrum Edukacji i Us\u0142ug Inter-EDU\" \/>\n<meta property=\"article:publisher\" content=\"https:\/\/www.facebook.com\/Interaktywna.Edukacja\" \/>\n<meta property=\"article:modified_time\" content=\"2025-08-31T18:33:55+00:00\" \/>\n<meta property=\"og:image\" content=\"https:\/\/www.inter-edu.pl\/wp-content\/uploads\/2025\/08\/plakat-rekrutacycny-edukacja-2025-2026.jpg\" \/>\n\t<meta property=\"og:image:width\" content=\"1024\" \/>\n\t<meta property=\"og:image:height\" content=\"1443\" \/>\n\t<meta property=\"og:image:type\" content=\"image\/jpeg\" \/>\n<meta name=\"twitter:card\" content=\"summary_large_image\" \/>\n<meta name=\"twitter:label1\" content=\"Szacowany czas czytania\" \/>\n\t<meta name=\"twitter:data1\" content=\"1 minuta\" \/>\n<script type=\"application\/ld+json\" class=\"yoast-schema-graph\">{\"@context\":\"https:\\\/\\\/schema.org\",\"@graph\":[{\"@type\":\"WebPage\",\"@id\":\"https:\\\/\\\/www.inter-edu.pl\\\/?page_id=3188\",\"url\":\"https:\\\/\\\/www.inter-edu.pl\\\/?page_id=3188\",\"name\":\"Rekrutacja edukacyjna 2025-2026 - Interaktywne Centrum Edukacji i Us\u0142ug Inter-EDU\",\"isPartOf\":{\"@id\":\"https:\\\/\\\/www.inter-edu.pl\\\/#website\"},\"primaryImageOfPage\":{\"@id\":\"https:\\\/\\\/www.inter-edu.pl\\\/?page_id=3188#primaryimage\"},\"image\":{\"@id\":\"https:\\\/\\\/www.inter-edu.pl\\\/?page_id=3188#primaryimage\"},\"thumbnailUrl\":\"https:\\\/\\\/www.inter-edu.pl\\\/wp-content\\\/uploads\\\/2025\\\/08\\\/plakat-rekrutacycny-edukacja-2025-2026-213x300.jpg\",\"datePublished\":\"2025-08-31T18:16:17+00:00\",\"dateModified\":\"2025-08-31T18:33:55+00:00\",\"breadcrumb\":{\"@id\":\"https:\\\/\\\/www.inter-edu.pl\\\/?page_id=3188#breadcrumb\"},\"inLanguage\":\"pl-PL\",\"potentialAction\":[{\"@type\":\"ReadAction\",\"target\":[\"https:\\\/\\\/www.inter-edu.pl\\\/?page_id=3188\"]}]},{\"@type\":\"ImageObject\",\"inLanguage\":\"pl-PL\",\"@id\":\"https:\\\/\\\/www.inter-edu.pl\\\/?page_id=3188#primaryimage\",\"url\":\"https:\\\/\\\/www.inter-edu.pl\\\/wp-content\\\/uploads\\\/2025\\\/08\\\/plakat-rekrutacycny-edukacja-2025-2026.jpg\",\"contentUrl\":\"https:\\\/\\\/www.inter-edu.pl\\\/wp-content\\\/uploads\\\/2025\\\/08\\\/plakat-rekrutacycny-edukacja-2025-2026.jpg\",\"width\":1024,\"height\":1443},{\"@type\":\"BreadcrumbList\",\"@id\":\"https:\\\/\\\/www.inter-edu.pl\\\/?page_id=3188#breadcrumb\",\"itemListElement\":[{\"@type\":\"ListItem\",\"position\":1,\"name\":\"Strona g\u0142\u00f3wna\",\"item\":\"https:\\\/\\\/www.inter-edu.pl\\\/\"},{\"@type\":\"ListItem\",\"position\":2,\"name\":\"Rekrutacja edukacyjna 2025-2026\"}]},{\"@type\":\"WebSite\",\"@id\":\"https:\\\/\\\/www.inter-edu.pl\\\/#website\",\"url\":\"https:\\\/\\\/www.inter-edu.pl\\\/\",\"name\":\"Interaktywne Centrum Edukacji i Us\u0142ug Inter-EDU\",\"description\":\"\",\"publisher\":{\"@id\":\"https:\\\/\\\/www.inter-edu.pl\\\/#organization\"},\"potentialAction\":[{\"@type\":\"SearchAction\",\"target\":{\"@type\":\"EntryPoint\",\"urlTemplate\":\"https:\\\/\\\/www.inter-edu.pl\\\/?s={search_term_string}\"},\"query-input\":{\"@type\":\"PropertyValueSpecification\",\"valueRequired\":true,\"valueName\":\"search_term_string\"}}],\"inLanguage\":\"pl-PL\"},{\"@type\":\"Organization\",\"@id\":\"https:\\\/\\\/www.inter-edu.pl\\\/#organization\",\"name\":\"Interaktywne Centrum Edukacji i Us\u0142ug Inter-EDU\",\"url\":\"https:\\\/\\\/www.inter-edu.pl\\\/\",\"logo\":{\"@type\":\"ImageObject\",\"inLanguage\":\"pl-PL\",\"@id\":\"https:\\\/\\\/www.inter-edu.pl\\\/#\\\/schema\\\/logo\\\/image\\\/\",\"url\":\"https:\\\/\\\/www.inter-edu.pl\\\/wp-content\\\/uploads\\\/2021\\\/07\\\/cropped-mini-logo-1.png\",\"contentUrl\":\"https:\\\/\\\/www.inter-edu.pl\\\/wp-content\\\/uploads\\\/2021\\\/07\\\/cropped-mini-logo-1.png\",\"width\":68,\"height\":86,\"caption\":\"Interaktywne Centrum Edukacji i Us\u0142ug Inter-EDU\"},\"image\":{\"@id\":\"https:\\\/\\\/www.inter-edu.pl\\\/#\\\/schema\\\/logo\\\/image\\\/\"},\"sameAs\":[\"https:\\\/\\\/www.facebook.com\\\/Interaktywna.Edukacja\"]}]}<\/script>\n<!-- \/ Yoast SEO plugin. -->","yoast_head_json":{"title":"Rekrutacja edukacyjna 2025-2026 - Interaktywne Centrum Edukacji i Us\u0142ug Inter-EDU","robots":{"index":"index","follow":"follow","max-snippet":"max-snippet:-1","max-image-preview":"max-image-preview:large","max-video-preview":"max-video-preview:-1"},"canonical":"https:\/\/www.inter-edu.pl\/?page_id=3188","og_locale":"pl_PL","og_type":"article","og_title":"Rekrutacja edukacyjna 2025-2026 - Interaktywne Centrum Edukacji i Us\u0142ug Inter-EDU","og_description":"Zarezerwuj online profesjonalne us\u0142ugi edukacyjne dostosowane do Twoich potrzeb. Skorzystaj z naszego \u0142atwego w u\u017cyciu systemu zg\u0142oszenia na korepetycje i kursy online, aby um\u00f3wi\u0107 si\u0119 [&hellip;]","og_url":"https:\/\/www.inter-edu.pl\/?page_id=3188","og_site_name":"Interaktywne Centrum Edukacji i Us\u0142ug Inter-EDU","article_publisher":"https:\/\/www.facebook.com\/Interaktywna.Edukacja","article_modified_time":"2025-08-31T18:33:55+00:00","og_image":[{"width":1024,"height":1443,"url":"https:\/\/www.inter-edu.pl\/wp-content\/uploads\/2025\/08\/plakat-rekrutacycny-edukacja-2025-2026.jpg","type":"image\/jpeg"}],"twitter_card":"summary_large_image","twitter_misc":{"Szacowany czas czytania":"1 minuta"},"schema":{"@context":"https:\/\/schema.org","@graph":[{"@type":"WebPage","@id":"https:\/\/www.inter-edu.pl\/?page_id=3188","url":"https:\/\/www.inter-edu.pl\/?page_id=3188","name":"Rekrutacja edukacyjna 2025-2026 - Interaktywne Centrum Edukacji i Us\u0142ug Inter-EDU","isPartOf":{"@id":"https:\/\/www.inter-edu.pl\/#website"},"primaryImageOfPage":{"@id":"https:\/\/www.inter-edu.pl\/?page_id=3188#primaryimage"},"image":{"@id":"https:\/\/www.inter-edu.pl\/?page_id=3188#primaryimage"},"thumbnailUrl":"https:\/\/www.inter-edu.pl\/wp-content\/uploads\/2025\/08\/plakat-rekrutacycny-edukacja-2025-2026-213x300.jpg","datePublished":"2025-08-31T18:16:17+00:00","dateModified":"2025-08-31T18:33:55+00:00","breadcrumb":{"@id":"https:\/\/www.inter-edu.pl\/?page_id=3188#breadcrumb"},"inLanguage":"pl-PL","potentialAction":[{"@type":"ReadAction","target":["https:\/\/www.inter-edu.pl\/?page_id=3188"]}]},{"@type":"ImageObject","inLanguage":"pl-PL","@id":"https:\/\/www.inter-edu.pl\/?page_id=3188#primaryimage","url":"https:\/\/www.inter-edu.pl\/wp-content\/uploads\/2025\/08\/plakat-rekrutacycny-edukacja-2025-2026.jpg","contentUrl":"https:\/\/www.inter-edu.pl\/wp-content\/uploads\/2025\/08\/plakat-rekrutacycny-edukacja-2025-2026.jpg","width":1024,"height":1443},{"@type":"BreadcrumbList","@id":"https:\/\/www.inter-edu.pl\/?page_id=3188#breadcrumb","itemListElement":[{"@type":"ListItem","position":1,"name":"Strona g\u0142\u00f3wna","item":"https:\/\/www.inter-edu.pl\/"},{"@type":"ListItem","position":2,"name":"Rekrutacja edukacyjna 2025-2026"}]},{"@type":"WebSite","@id":"https:\/\/www.inter-edu.pl\/#website","url":"https:\/\/www.inter-edu.pl\/","name":"Interaktywne Centrum Edukacji i Us\u0142ug Inter-EDU","description":"","publisher":{"@id":"https:\/\/www.inter-edu.pl\/#organization"},"potentialAction":[{"@type":"SearchAction","target":{"@type":"EntryPoint","urlTemplate":"https:\/\/www.inter-edu.pl\/?s={search_term_string}"},"query-input":{"@type":"PropertyValueSpecification","valueRequired":true,"valueName":"search_term_string"}}],"inLanguage":"pl-PL"},{"@type":"Organization","@id":"https:\/\/www.inter-edu.pl\/#organization","name":"Interaktywne Centrum Edukacji i Us\u0142ug Inter-EDU","url":"https:\/\/www.inter-edu.pl\/","logo":{"@type":"ImageObject","inLanguage":"pl-PL","@id":"https:\/\/www.inter-edu.pl\/#\/schema\/logo\/image\/","url":"https:\/\/www.inter-edu.pl\/wp-content\/uploads\/2021\/07\/cropped-mini-logo-1.png","contentUrl":"https:\/\/www.inter-edu.pl\/wp-content\/uploads\/2021\/07\/cropped-mini-logo-1.png","width":68,"height":86,"caption":"Interaktywne Centrum Edukacji i Us\u0142ug Inter-EDU"},"image":{"@id":"https:\/\/www.inter-edu.pl\/#\/schema\/logo\/image\/"},"sameAs":["https:\/\/www.facebook.com\/Interaktywna.Edukacja"]}]}},"_links":{"self":[{"href":"https:\/\/www.inter-edu.pl\/index.php?rest_route=\/wp\/v2\/pages\/3188","targetHints":{"allow":["GET"]}}],"collection":[{"href":"https:\/\/www.inter-edu.pl\/index.php?rest_route=\/wp\/v2\/pages"}],"about":[{"href":"https:\/\/www.inter-edu.pl\/index.php?rest_route=\/wp\/v2\/types\/page"}],"author":[{"embeddable":true,"href":"https:\/\/www.inter-edu.pl\/index.php?rest_route=\/wp\/v2\/users\/1"}],"replies":[{"embeddable":true,"href":"https:\/\/www.inter-edu.pl\/index.php?rest_route=%2Fwp%2Fv2%2Fcomments&post=3188"}],"version-history":[{"count":10,"href":"https:\/\/www.inter-edu.pl\/index.php?rest_route=\/wp\/v2\/pages\/3188\/revisions"}],"predecessor-version":[{"id":3200,"href":"https:\/\/www.inter-edu.pl\/index.php?rest_route=\/wp\/v2\/pages\/3188\/revisions\/3200"}],"wp:attachment":[{"href":"https:\/\/www.inter-edu.pl\/index.php?rest_route=%2Fwp%2Fv2%2Fmedia&parent=3188"}],"curies":[{"name":"wp","href":"https:\/\/api.w.org\/{rel}","templated":true}]}}